{"id":111,"date":"2018-10-16T12:23:34","date_gmt":"2018-10-16T12:23:34","guid":{"rendered":"http:\/\/91.220.156.17\/?page_id=111"},"modified":"2025-09-22T07:55:00","modified_gmt":"2025-09-22T06:55:00","slug":"seznam-zaposlenih","status":"publish","type":"page","link":"https:\/\/www.oslivade.si\/?page_id=111","title":{"rendered":"SEZNAM ZAPOSLENIH"},"content":{"rendered":"<p>[vc_row][vc_column][vc_tta_tabs][vc_tta_section title=&#8221;Pedago\u0161ki delavci&#8221; tab_id=&#8221;1543307370958-f7c386a3-6fd2&#8243;][vc_column_text el_id=&#8221;pedagoski-delavci&#8221;]&nbsp;<\/p>\n<p>&nbsp;<\/p>\n<table id=\"table1\">\n<tbody>\n<tr>\n<th width=\"25%\">Ime in priimek<\/th>\n<th width=\"25%\">Razrednik<\/th>\n<th width=\"25%\">Predmet<\/th>\n<th width=\"25%\">elektronski naslov<\/th>\n<\/tr>\n<tr>\n<td>Avsenak Zobec Ma\u0161a<\/td>\n<td>&nbsp;<\/td>\n<td>franco\u0161\u010dina, \u0161pan\u0161\u010dina<\/td>\n<td>masa.avsenak@oslivade.si<\/td>\n<\/tr>\n<tr>\n<td>Borovnik Lazi\u0107 Sne\u017eana<\/td>\n<td>2.b<\/td>\n<td>&nbsp;<\/td>\n<td>snezana.lazic@oslivade.si<\/td>\n<\/tr>\n<tr>\n<td>Bo\u017eeglav Igor<\/td>\n<td>&nbsp;<\/td>\n<td>\u0161portna vzgoja, nogomet, \u0161port za sprostitev, \u0161port za zdravje<\/td>\n<td>igor.bozeglav@oslivade.si<\/td>\n<\/tr>\n<tr>\n<td>Bubni\u010d Karmen<\/td>\n<td>9. b<\/td>\n<td>italijan\u0161\u010dina, domovinska in dr\u017eavljanska kultura in etika<\/td>\n<td>karmen.bubnic@oslivade.si<\/td>\n<\/tr>\n<tr>\n<td>Burin Metka<\/td>\n<td>1. b<\/td>\n<td>&nbsp;<\/td>\n<td>metka.burin@oslivade.si<\/td>\n<\/tr>\n<tr>\n<td>Cajzar Sandra<\/td>\n<td>&nbsp;<\/td>\n<td>sloven\u0161\u010dina<\/td>\n<td>sandra.cajzar@oslivade.si<\/td>\n<\/tr>\n<tr>\n<td>Ceglar Maja<\/td>\n<td>&nbsp;<\/td>\n<td>RaPko 2. a<\/td>\n<td>maja.ceglar@oslivade.si<\/td>\n<\/tr>\n<tr>\n<td>Cijan Anja<\/td>\n<td>&nbsp;<\/td>\n<td>RaPko 1. a<\/td>\n<td>anja.cijan@oslivade.si<\/td>\n<\/tr>\n<tr>\n<td>Cokan Ines<\/td>\n<td>&nbsp;<\/td>\n<td>izvajalka DSP<\/td>\n<td>ines.cokan@oslivade.si<\/td>\n<\/tr>\n<tr>\n<td>Dra\u017ei\u010d Sabina<\/td>\n<td>3. b<\/td>\n<td>&nbsp;<\/td>\n<td>sabina.drazic@oslivade.si<\/td>\n<\/tr>\n<tr>\n<td>Gabrijel Du\u0161an<\/td>\n<td>9. a<\/td>\n<td>zgodovina, geografija, \u0161ahovske osnove, \u0161ahovsko kombiniranje, \u0161ahovske strategije<\/td>\n<td>dusan.gabrijel@oslivade.si<\/td>\n<\/tr>\n<tr>\n<td>Gavajuc Olga<\/td>\n<td>&nbsp;<\/td>\n<td>angle\u0161\u010dina<\/td>\n<td>olga.gavajuc@oslivade.si<\/td>\n<\/tr>\n<tr>\n<td>Grabar Biserka<\/td>\n<td>4. b<\/td>\n<td>&nbsp;<\/td>\n<td>biserka.grabar@oslivade.si<\/td>\n<\/tr>\n<tr>\n<td>Jane\u017ei\u010d Lea<\/td>\n<td>&nbsp;<\/td>\n<td>\u0161port, livadba, \u017eoga \u017eur<\/td>\n<td>lea.janezic@oslivade.si<\/td>\n<\/tr>\n<tr>\n<td>Jug Sta\u0161a<\/td>\n<td>8. b<\/td>\n<td>\u0161portna vzgoja, odbojka, \u0161port za sprostitev, \u0161port za zdravje<\/td>\n<td>stasa.jug@oslivade.si<\/td>\n<\/tr>\n<tr>\n<td>Kleva Simona<\/td>\n<td>&nbsp;<\/td>\n<td>RaPko 1. b<\/td>\n<td>simona.kleva@oslivade.si<\/td>\n<\/tr>\n<tr>\n<td>Knez Ingrid<\/td>\n<td>&nbsp;<\/td>\n<td>likovna umetnost, likovno snovanje<\/td>\n<td>ingrid.knez@oslivade.si<\/td>\n<\/tr>\n<tr>\n<td>Kozjak Eva<\/td>\n<td>&nbsp;<\/td>\n<td>angle\u0161\u010dina<\/td>\n<td>eva.kozjak@oslivade.si<\/td>\n<\/tr>\n<tr>\n<td>Kozlovi\u010d Alenka<\/td>\n<td>7. b<\/td>\n<td>sloven\u0161\u010dina<\/td>\n<td>alenka.kozlovic@oslivade.si<\/td>\n<\/tr>\n<tr>\n<td>Krajic Tomin Jon<\/td>\n<td>&nbsp;<\/td>\n<td>glasbena umetnost, RaPko 5. razred, otro\u0161ki in mladinski pevski zbor, \u0161olski band<\/td>\n<td>jon.ktomin@oslivade.si<\/td>\n<\/tr>\n<tr>\n<td>Krbav\u010di\u010d Bre\u010devi\u0107 Karmen<\/td>\n<td>&nbsp;<\/td>\n<td>fizika<\/td>\n<td>karmen.krbavcic-brecevic@oslivade.si<\/td>\n<\/tr>\n<tr>\n<td>Krivi\u010di\u010d Teodora<\/td>\n<td>8. a<\/td>\n<td>zgodovina, geografija<\/td>\n<td>teodora.krivicic@oslivade.si<\/td>\n<\/tr>\n<tr>\n<td>Kro\u0161elj Sara<\/td>\n<td>&nbsp;<\/td>\n<td>sloven\u0161\u010dina<\/td>\n<td>sara.kroselj@oslivade.si<\/td>\n<\/tr>\n<tr>\n<td>Laci\u0107 Lidija<\/td>\n<td>7. a<\/td>\n<td>matematika, tehnika in tehnologija<\/td>\n<td>lidija.lacic@oslivade.si<\/td>\n<\/tr>\n<tr>\n<td>Lon\u010dar Ana<\/td>\n<td>2. b<\/td>\n<td>&nbsp;<\/td>\n<td>ana.loncar@oslivade.si<\/td>\n<\/tr>\n<tr>\n<td>Mijot Tina<\/td>\n<td>&nbsp;<\/td>\n<td>matematika<\/td>\n<td>tina.mijot@oslivade.si<\/td>\n<\/tr>\n<tr>\n<td>Mitrovi\u0107 Ivana<\/td>\n<td>&nbsp;<\/td>\n<td>angle\u0161\u010dina<\/td>\n<td>ivana.mitrovic@oslivade.si<\/td>\n<\/tr>\n<tr>\n<td>Murovec Maja<\/td>\n<td>&nbsp;<\/td>\n<td>filmska vzgoja, \u0161olsko novinarstvo, gledali\u0161ki klub, filozofija<\/td>\n<td>maja.murovec@oslivade.si<\/td>\n<\/tr>\n<tr>\n<td>Panger Viler Irena<\/td>\n<td>5. b<\/td>\n<td>&nbsp;<\/td>\n<td>irena.panger-viler@oslivade.si<\/td>\n<\/tr>\n<tr>\n<td>Perme Ur\u0161ka<\/td>\n<td>&nbsp;<\/td>\n<td>drugi u\u010ditelj v 1. razredu<\/td>\n<td>urska.perme@oslivade.si<\/td>\n<\/tr>\n<tr>\n<td>Per\u0161olja Gardi<\/td>\n<td>6. b<\/td>\n<td>italijan\u0161\u010dina<\/td>\n<td>gardi.persolja@oslivade.si<\/td>\n<\/tr>\n<tr>\n<td>Prelec Janja<\/td>\n<td>&nbsp;<\/td>\n<td>gospodinjstvo, sodobna priprava hrane, tehnika,<\/p>\n<p>vodja prehrane ter &nbsp;laborantstvo<\/td>\n<td>janja.prelec@oslivade.si<\/td>\n<\/tr>\n<tr>\n<td>Pu\u0161nik Suzana<\/td>\n<td>&nbsp;<\/td>\n<td>matematika, RaPko 4. a<\/td>\n<td>suzana.pusnik@oslivade.si<\/td>\n<\/tr>\n<tr>\n<td>Sever Anja<\/td>\n<td>&nbsp;<\/td>\n<td>\u0161olska svetovalna slu\u017eba<\/td>\n<td>anja.sever@oslivade.si<\/td>\n<\/tr>\n<tr>\n<td>Slavec Maljevac Janja<\/td>\n<td>&nbsp;<\/td>\n<td>tehnika in tehnologija, RaPko 3. a<\/td>\n<td>jana.slavec-maljevac@oslivade.si<\/td>\n<\/tr>\n<tr>\n<td>\u0160ajn Maja<\/td>\n<td>1. a<\/td>\n<td>&nbsp;<\/td>\n<td>maja.sajn@oslivade.si<\/td>\n<\/tr>\n<tr>\n<td>\u0160imonovi\u0107 Marija<\/td>\n<td>6. a<\/td>\n<td>matematika, jutranje varstvo, urejanje besedil, ra\u010dunalni\u0161tvo<\/td>\n<td>marija.simonovic@oslivade.si<\/td>\n<\/tr>\n<tr>\n<td>\u0160i\u0161ko Ivica<\/td>\n<td>3. a<\/td>\n<td>&nbsp;<\/td>\n<td>ivica.sisko@oslivade.si<\/td>\n<\/tr>\n<tr>\n<td>\u0160kof Nata\u0161a<\/td>\n<td>&nbsp;<\/td>\n<td>naravoslovje, kemija, biologija<\/td>\n<td>natasa.skof@oslivade.si<\/td>\n<\/tr>\n<tr>\n<td>\u0160krbina Ana<\/td>\n<td>&nbsp;<\/td>\n<td>\u0161port, livadba gimnastika<\/td>\n<td>ana.skrbina@oslivade.si<\/td>\n<\/tr>\n<tr>\n<td>Viler Gaja<\/td>\n<td>&nbsp;<\/td>\n<td>jutranje varstvo, RaPko 5. r, plesni \u017eur, prva pomo\u010d<\/td>\n<td>gaja.viler@oslivade.si<\/td>\n<\/tr>\n<tr>\n<td>Zonta Evelin<\/td>\n<td>&nbsp;<\/td>\n<td>RaPko 3. b<\/td>\n<td>evelin.zonta@oslivade.si<\/td>\n<\/tr>\n<tr>\n<td>\u017digante Sabrina<\/td>\n<td>5. a<\/td>\n<td>&nbsp;<\/td>\n<td>sabrina.zigante@oslivade.si<\/td>\n<\/tr>\n<tr>\n<td>\u017duni\u0107 Negro Marija<\/td>\n<td>&nbsp;<\/td>\n<td>naravoslovje, domovinska in dr\u017eavljanska kultura in etika, RaPko 2. b<\/td>\n<td>marija.zunic-negro@oslivade.si<\/td>\n<\/tr>\n<tr>\n<td>\u017dupani\u0107 Maja<\/td>\n<td>4. a<\/td>\n<td>ra\u010dunalni\u0161tvo<\/td>\n<td>maja.zupanic@oslivade.si<\/td>\n<\/tr>\n<\/tbody>\n<\/table>\n<p>&nbsp;[\/vc_column_text][\/vc_tta_section][vc_tta_section title=&#8221;Strokovni delavci&#8221; tab_id=&#8221;1543307370959-d5fa738a-ea3f&#8221;][vc_column_text]<\/p>\n<table id=\"table1\">\n<tbody>\n<tr>\n<th width=\"25%\">Ime in priimek<\/th>\n<th width=\"25%\">Podro\u010dje dela<\/th>\n<th width=\"25%\">Telefonska \u0161tevilka<\/th>\n<th width=\"25%\">Elektronski naslov<\/th>\n<\/tr>\n<tr>\n<td>Anja Sever<\/td>\n<td>\u0160olska pedagoginja<\/td>\n<td>+386 (0)5 662 55 76<\/td>\n<td>anja.sever@oslivade.si<\/td>\n<\/tr>\n<tr>\n<td>Simona Kleva<\/td>\n<td>\u0160olska pedagoginja<\/td>\n<td>+386 (0)5 662 55 76<\/td>\n<td>simona.kleva@oslivade.si<\/td>\n<\/tr>\n<tr>\n<td>Maja Murovec<\/td>\n<td>Knji\u017eni\u010darka<\/td>\n<td>&nbsp;<\/td>\n<td>maja.murovec@oslivade.si<\/td>\n<\/tr>\n<tr>\n<td>Aljo\u0161a Marko<\/td>\n<td>ra\u010dunalni\u010dar<\/td>\n<td>&nbsp;<\/td>\n<td>skrbnik@oslivade.si<\/td>\n<\/tr>\n<\/tbody>\n<\/table>\n<p><strong>ZUNANJI STROKOVNI DELAVCI<\/strong><\/p>\n<p>V skladu z zakonodajo bodo iz drugih zavodov dopolnjevali delovno obveznost na na\u0161i \u0161oli:<\/p>\n<p>&nbsp;<\/p>\n<table id=\"table1\">\n<tbody>\n<tr>\n<th width=\"25%\">Ime in priimek<\/th>\n<th width=\"25%\">Podro\u010dje dela<\/th>\n<th width=\"25%\">Dan<\/th>\n<th width=\"25%\">Ura<\/th>\n<\/tr>\n<tr>\n<td>Tina Gregor\u010di\u010d Ivetec<\/td>\n<td>&nbsp;<\/td>\n<td>&nbsp;<\/td>\n<td>&nbsp;<\/td>\n<\/tr>\n<tr>\n<td>Maja Humski<\/td>\n<td>&nbsp;<\/td>\n<td>&nbsp;<\/td>\n<td>&nbsp;<\/td>\n<\/tr>\n<tr>\n<td>Deana Lozar \u0160\u00f6men<\/td>\n<td>Specialna pedagoginja:<br \/>\n&#8211; individualna strokovna pomo\u010d<br \/>\n&#8211; dodatna strokovna pomo\u010d<\/td>\n<td>torek<br \/>\npetek<\/td>\n<td>od 8:20 do 11:55<br \/>\nod 8:20 do 12:45<\/td>\n<\/tr>\n<tr>\n<td>Kristina Ugrin<\/td>\n<td>Specialna pedagoginja:<br \/>\n&#8211; dodatna strokovna pomo\u010d<\/td>\n<td>ponedeljek<br \/>\ntorek<br \/>\n\u010detrtek<\/td>\n<td>od 8:20 do 11:55<br \/>\nod 8:20 do 12:45<br \/>\nod 10:10 do 13:35<\/td>\n<\/tr>\n<tr>\n<td>Miro Vi\u010di\u010d<\/td>\n<td>&nbsp;<\/td>\n<td>&nbsp;<\/td>\n<td>&nbsp;<\/td>\n<\/tr>\n<\/tbody>\n<\/table>\n<p>[\/vc_column_text][\/vc_tta_section][vc_tta_section title=&#8221;Vodstvena dela&#8221; tab_id=&#8221;1543307428182-755c75a7-6404&#8243;][vc_column_text]<\/p>\n<table id=\"table1\">\n<tbody>\n<tr>\n<th width=\"33%\">Ime in priimek<\/th>\n<th width=\"33%\">delovno mesto<\/th>\n<th width=\"34%\">telefonska \u0161tevilka<\/th>\n<\/tr>\n<tr>\n<td>Maja Cetin<\/td>\n<td>ravnateljica<\/td>\n<td>+386 (0)5 662 55 62<\/td>\n<\/tr>\n<tr>\n<td>Sara Kro\u0161elj<\/td>\n<td>pomo\u010dnica ravnateljice<\/td>\n<td>+386 (0)5 662 55 72<\/td>\n<\/tr>\n<\/tbody>\n<\/table>\n<p>[\/vc_column_text][\/vc_tta_section][vc_tta_section title=&#8221;Ra\u010dunovodsko administrativni dela&#8221; tab_id=&#8221;1543399152530-ef7aa466-b698&#8243;][vc_column_text]<\/p>\n<table id=\"table1\">\n<tbody>\n<tr>\n<th width=\"33%\">Ime in priimek<\/th>\n<th width=\"33%\">delovno mesto<\/th>\n<th width=\"34%\">telefonska \u0161tevilka<\/th>\n<\/tr>\n<tr>\n<td>Jadranka Tominec<\/td>\n<td>ra\u010dunovodja<\/td>\n<td>+386 (0)5 662 55 69<\/td>\n<\/tr>\n<tr>\n<td>Suzana Jakomin<\/td>\n<td>administratorka<\/td>\n<td>+386 (0)5 662 55 63<\/td>\n<\/tr>\n<tr>\n<td>Dolores \u010cendak Vozila<\/td>\n<td>tajnica<\/td>\n<td>+386 (0)5 662 55 60<\/td>\n<\/tr>\n<\/tbody>\n<\/table>\n<p>[\/vc_column_text][\/vc_tta_section][vc_tta_section title=&#8221;Tehni\u010dna dela&#8221; tab_id=&#8221;1543399605704-2daf47b3-09c5&#8243;][vc_column_text]&nbsp;<\/p>\n<table id=\"table1\">\n<tbody>\n<tr>\n<th width=\"33%\">Ime in priimek<\/th>\n<th width=\"33%\">delovno mesto<\/th>\n<th width=\"34%\">telefonska \u0161tevilka<\/th>\n<\/tr>\n<tr>\n<td>Kemal \u0160aipi<\/td>\n<td>hi\u0161nik<\/td>\n<td>&nbsp;<\/td>\n<\/tr>\n<tr>\n<td>Rosvita \u0160i\u0161ko<\/td>\n<td>kuharica<\/td>\n<td>+386 (0)5 662 55 68<\/td>\n<\/tr>\n<tr>\n<td>Sanita Kumali\u0107<\/td>\n<td>kuharica, \u010distilka<\/td>\n<td>&nbsp;<\/td>\n<\/tr>\n<tr>\n<td>Valentina Dra\u010da<\/td>\n<td>kuh. pomo\u010dnica<\/td>\n<td>&nbsp;<\/td>\n<\/tr>\n<tr>\n<td>Azra Suhonji\u0107<\/td>\n<td>\u010distilka<\/td>\n<td>&nbsp;<\/td>\n<\/tr>\n<\/tbody>\n<\/table>\n<p>[\/vc_column_text][\/vc_tta_section][\/vc_tta_tabs][\/vc_column][\/vc_row]<\/p>\n","protected":false},"excerpt":{"rendered":"<p>[vc_row][vc_column][vc_tta_tabs][vc_tta_section title=&#8221;Pedago\u0161ki delavci&#8221; tab_id=&#8221;1543307370958-f7c386a3-6fd2&#8243;][vc_column_text el_id=&#8221;pedagoski-delavci&#8221;]&nbsp; &nbsp; Ime in priimek Razrednik Predmet elektronski naslov Avsenak Zobec Ma\u0161a &nbsp; franco\u0161\u010dina, \u0161pan\u0161\u010dina masa.avsenak@oslivade.si&nbsp;<a href=\"https:\/\/www.oslivade.si\/?page_id=111\">&hellip;<\/a><\/p>\n","protected":false},"author":1,"featured_media":0,"parent":103,"menu_order":0,"comment_status":"closed","ping_status":"closed","template":"","meta":{"ngg_post_thumbnail":0,"footnotes":""},"class_list":["post-111","page","type-page","status-publish","hentry","odd"],"_links":{"self":[{"href":"https:\/\/www.oslivade.si\/index.php?rest_route=\/wp\/v2\/pages\/111"}],"collection":[{"href":"https:\/\/www.oslivade.si\/index.php?rest_route=\/wp\/v2\/pages"}],"about":[{"href":"https:\/\/www.oslivade.si\/index.php?rest_route=\/wp\/v2\/types\/page"}],"author":[{"embeddable":true,"href":"https:\/\/www.oslivade.si\/index.php?rest_route=\/wp\/v2\/users\/1"}],"replies":[{"embeddable":true,"href":"https:\/\/www.oslivade.si\/index.php?rest_route=%2Fwp%2Fv2%2Fcomments&post=111"}],"version-history":[{"count":82,"href":"https:\/\/www.oslivade.si\/index.php?rest_route=\/wp\/v2\/pages\/111\/revisions"}],"predecessor-version":[{"id":17856,"href":"https:\/\/www.oslivade.si\/index.php?rest_route=\/wp\/v2\/pages\/111\/revisions\/17856"}],"up":[{"embeddable":true,"href":"https:\/\/www.oslivade.si\/index.php?rest_route=\/wp\/v2\/pages\/103"}],"wp:attachment":[{"href":"https:\/\/www.oslivade.si\/index.php?rest_route=%2Fwp%2Fv2%2Fmedia&parent=111"}],"curies":[{"name":"wp","href":"https:\/\/api.w.org\/{rel}","templated":true}]}}