{"id":1404,"date":"2018-11-15T10:33:10","date_gmt":"2018-11-15T08:33:10","guid":{"rendered":"http:\/\/91.220.156.17\/?page_id=1404"},"modified":"2025-10-08T08:36:39","modified_gmt":"2025-10-08T07:36:39","slug":"organizirani-dnevi","status":"publish","type":"page","link":"https:\/\/www.oslivade.si\/?page_id=1404","title":{"rendered":"ORGANIZIRANI DNEVI"},"content":{"rendered":"<p>[vc_row][vc_column][vc_column_text]<strong>Opredelitev ciljev organiziranih dni<\/strong><br \/>\nDnevi dejavnosti so tisti del obveznega programa osnovne \u0161ole, ki se medpredmetno povezujejo in se vklju\u010dujejo v predmetnik osnovne \u0161ole. Dnevi dejavnosti vzpodbujajo vedo\u017eeljnost, ustvarjalnost in samoiniciativnost u\u010denk in u\u010dencev, jih usposabljajo za samostojno opazovanje in pridobivanje izku\u0161enj in znanja, za razvijanje spretnosti ter za samostojno re\u0161evanje problemov.<\/p>\n<p><strong>Kulturni dnevi<\/strong><br \/>\nU\u010denke in u\u010denci spoznavajo razli\u010dna jezikovna, dru\u017eboslovna in umetnostna podro\u010dja, naravne vrednote. Dejavnosti na\u010drtujejo, jih sprejemajo, do\u017eivljajo in se izra\u017eajo. Navajajo se na sprejemanje in vrednotenje lastnega dela, dela so\u0161olk in so\u0161olcev ter odraslih.<\/p>\n<p><strong>Naravoslovni dnevi<\/strong><br \/>\nU\u010denke in u\u010denci aktivno in sistemati\u010dno dopolnjujejo in poglabljajo teoreti\u010dno znanje, ki so ga pridobili med rednim poukom, in ga povezujejo v nove povezave. Dejavnosti jih spodbujajo k razvijanju kriti\u010dnega mi\u0161ljenja, omogo\u010dajo uporabo znanja ter spoznavanje novih metod in tehnik raziskovalnega dela.<\/p>\n<p><strong>\u0160portni dnevi<\/strong><br \/>\nU\u010denke in u\u010denci zadovoljujejo potrebe po gibanju, gibalnem izra\u017eanju in ustvarjalnosti, se sprostijo in razvedrijo. Razvijajo tovari\u0161tvo, medsebojno sodelovanje, spo\u0161tujejo lastne in tuje dose\u017eke, utrjujejo si samozavest in pridobivajo \u0161portne navade.<\/p>\n<p><strong>Tehni\u0161ki dnevi<\/strong><br \/>\nU\u010denke in u\u010denci opazijo tehni\u010dni problem v svojem okolju, ga razi\u0161\u010dejo, zanj oblikujejo re\u0161itev in jo preverijo. Razvijajo pozitiven odnos do tehni\u010dnih dose\u017ekov, raziskujejo njihov izvor in zgradbo, skupaj s so\u0161olkami in so\u0161olci zbirajo podatke o tehni\u010dnih zbirkah, primerjajo svoje ugotovitve s podatki iz strokovne literature.[\/vc_column_text][vc_tta_tabs][vc_tta_section title=&#8221;1. razred&#8221; tab_id=&#8221;1541355867252-3d5afb0c-6398&#8243;][vc_column_text]<\/p>\n<table id=\"table1\">\n<tbody>\n<tr>\n<th width=\"33%\">Kaj &#8211; Kam<\/th>\n<th width=\"33%\">Mesec<\/th>\n<th width=\"34%\">Nosilci\/Izvajalci<\/th>\n<\/tr>\n<tr>\n<td colspan=\"3\"><b>Kulturni dnevi<\/b><\/td>\n<\/tr>\n<tr>\n<td>Postal sem \u0161olar<\/td>\n<td>1. 9. 2025<\/td>\n<td>\u0160ajn, Burin, Perme<\/td>\n<\/tr>\n<tr>\n<td>Pre\u0161erni dan&nbsp;<\/td>\n<td>6. 2. 2026<\/td>\n<td>\u0160ajn, Burin, Perme<\/td>\n<\/tr>\n<tr>\n<td>Pravlji\u010dni dan<\/td>\n<td>maj 2026<\/td>\n<td>\u0160ajn, Burin, Perme<\/td>\n<\/tr>\n<tr>\n<td>Poka\u017ei, kaj zna\u0161!<\/td>\n<td>24. 6. 2026<\/td>\n<td>\u0160ajn, Burin, Perme<\/td>\n<\/tr>\n<tr>\n<td colspan=\"3\"><b>Naravoslovni dnevi<\/b><\/td>\n<\/tr>\n<tr>\n<td>Skrb za zdravje &#8211; ZDAJ<\/td>\n<td>8. 10. 2025<br \/>\n9. 10. 2025<\/td>\n<td>\u0160ajn, Burin, Perme<br \/>\nZD Izola<\/td>\n<\/tr>\n<tr>\n<td>Cveto\u010da pomlad<\/td>\n<td>marec 2026<\/td>\n<td>\u0160ajn, Burin, Perme<\/td>\n<\/tr>\n<tr>\n<td>Lipica<\/td>\n<td>maj 2026<\/td>\n<td>\u0160ajn, Burin, Perme<\/td>\n<\/tr>\n<tr>\n<td colspan=\"3\"><b>Tehni\u0161ki dnevi<\/b><\/td>\n<\/tr>\n<tr>\n<td>V prometu sem varen (izdelovanje vozil)<\/td>\n<td>oktober 2025<\/td>\n<td>\u0160ajn, Burin, Perme<\/td>\n<\/tr>\n<tr>\n<td>Dan \u0161ole<\/td>\n<td>23. 10. 2025<\/td>\n<td>\u0160ajn, Burin, Perme<\/td>\n<\/tr>\n<tr>\n<td>\u010crkolandija<\/td>\n<td>april 2026<\/td>\n<td>\u0160ajn, Burin, Perme<\/td>\n<\/tr>\n<tr>\n<td colspan=\"3\"><b>\u0160portni dnevi<\/b><\/td>\n<\/tr>\n<tr>\n<td>Plesno mesto<\/td>\n<td>december 2025<\/td>\n<td>\u0160ajn, Burin, Perme<\/td>\n<\/tr>\n<tr>\n<td>Pohod<\/td>\n<td>marec 2026<\/td>\n<td>\u0160ajn, Burin, Perme<\/td>\n<\/tr>\n<tr>\n<td>Atletika<\/td>\n<td>april 2026<\/td>\n<td>\u0160ajn, Burin, Perme, Jane\u017ei\u010d<\/td>\n<\/tr>\n<tr>\n<td>Vodne igre \/ plavanje<\/td>\n<td>maj 2026<\/td>\n<td>\u0160ajn, Burin, Perme<\/td>\n<\/tr>\n<tr>\n<td>Igre brez meja<\/td>\n<td>junij 2025<\/td>\n<td>\u0160ajn, Burin, Perme, Stubelj<\/td>\n<\/tr>\n<\/tbody>\n<\/table>\n<p>[\/vc_column_text][\/vc_tta_section][vc_tta_section title=&#8221;2. razred&#8221; tab_id=&#8221;1542289551616-82b6aded-a86c&#8221;][vc_column_text]<\/p>\n<table id=\"table1\">\n<tbody>\n<tr>\n<th width=\"33%\">Kaj &#8211; Kam<\/th>\n<th width=\"33%\">Mesec<\/th>\n<th width=\"34%\">Nosilci\/Izvajalci<\/th>\n<\/tr>\n<tr>\n<td colspan=\"3\"><b>Kulturni dnevi<\/b><\/td>\n<\/tr>\n<tr>\n<td>Postal sem drugo\u0161olec<\/td>\n<td>1. 9. 2025<\/td>\n<td>Borovnik Lazi\u0107, Lon\u010dar<\/td>\n<\/tr>\n<tr>\n<td>Pre\u0161erni dan (gledali\u0161ka predstava)<\/td>\n<td>februar 2026<\/td>\n<td>Borovnik Lazi\u0107, Lon\u010dar<\/td>\n<\/tr>\n<tr>\n<td>Svet pravljic<\/td>\n<td>maj 2026<\/td>\n<td>Borovnik Lazi\u0107, Lon\u010dar<\/td>\n<\/tr>\n<tr>\n<td>Poka\u017ei, kaj zna\u0161!<\/td>\n<td>24. 6. 2026<\/td>\n<td>Borovnik Lazi\u0107, Lon\u010dar<\/td>\n<\/tr>\n<tr>\n<td colspan=\"3\"><b>Narovoslovni dnevi<\/b><\/td>\n<\/tr>\n<tr>\n<td>Skrb za zdravje &#8211; ZDAJ<\/td>\n<td>15. 10. 2025 in 16. 10. 2025<\/td>\n<td>Borovnik Lazi\u0107, Lon\u010dar, ZD Izola<\/td>\n<\/tr>\n<tr>\n<td>Mladi vrtnarji in raziskovalci<\/td>\n<td>marec 2026<\/td>\n<td>Borovnik Lazi\u0107, Lon\u010dar<\/td>\n<\/tr>\n<tr>\n<td>Od zrna do kruha &#8211; Narin<\/td>\n<td>maj 2026<\/td>\n<td>Borovnik Lazi\u0107, Lon\u010dar<\/td>\n<\/tr>\n<tr>\n<td colspan=\"3\"><b>Tehni\u0161ki dnevi<\/b><\/td>\n<\/tr>\n<tr>\n<td>Medeni dan&nbsp;<\/td>\n<td>november 2025<\/td>\n<td>Borovnik Lazi\u0107, Lon\u010dar<\/td>\n<\/tr>\n<tr>\n<td>Dan \u0161ole &#8211; 30. let<\/td>\n<td>23. 10. 2025<\/td>\n<td>Borovnik Lazi\u0107, Lon\u010dar<\/td>\n<\/tr>\n<tr>\n<td>Prazni\u010dni december<\/td>\n<td>december 2025<\/td>\n<td>Borovnik Lazi\u0107, Lon\u010dar<\/td>\n<\/tr>\n<tr>\n<td colspan=\"3\"><b>\u0160portni dnevi<\/b><\/td>\n<\/tr>\n<tr>\n<td>Sprehod in vadba v naravi<\/td>\n<td>september 2025<\/td>\n<td>Borovnik Lazi\u0107, Lon\u010dar<\/td>\n<\/tr>\n<tr>\n<td>Pohod<\/td>\n<td>oktober 2025<\/td>\n<td>Borovnik Lazi\u0107, Lon\u010dar<\/td>\n<\/tr>\n<tr>\n<td>\u0160portne igre, atletika<\/td>\n<td>marec 2026<\/td>\n<td>Borovnik Lazi\u0107, Lon\u010dar<\/td>\n<\/tr>\n<tr>\n<td>Zabavni poligon<\/td>\n<td>april 2026<\/td>\n<td>Borovnik Lazi\u0107, Lon\u010dar<\/td>\n<\/tr>\n<tr>\n<td>Igre brez meja<\/td>\n<td>junij 2026<\/td>\n<td>Borovnik Lazi\u0107, Lon\u010dar<\/td>\n<\/tr>\n<\/tbody>\n<\/table>\n<p>[\/vc_column_text][\/vc_tta_section][vc_tta_section title=&#8221;3. razred&#8221; tab_id=&#8221;1540907276562-341c5baa-0949&#8243;][vc_column_text]<\/p>\n<table id=\"table1\">\n<tbody>\n<tr>\n<th width=\"33%\">Kaj &#8211; Kam<\/th>\n<th width=\"33%\">Mesec<\/th>\n<th width=\"34%\">Nosilci\/Izvajalci<\/th>\n<\/tr>\n<tr>\n<td colspan=\"3\"><b>Kulturni dnevi<\/b><\/td>\n<\/tr>\n<tr>\n<td>Postal sem tretje\u0161olec<\/td>\n<td>1. 9. 2025<\/td>\n<td>Dra\u017ei\u010d, \u0160i\u0161ko<\/td>\n<\/tr>\n<tr>\n<td>Pre\u0161erni dan (gledali\u0161ka predstava + mestna knji\u017enica)<\/td>\n<td>ferbuar 2026<\/td>\n<td>Dra\u017ei\u010d, \u0160i\u0161ko<\/td>\n<\/tr>\n<tr>\n<td>V de\u017eeli pravljic<\/td>\n<td>maj 2026<\/td>\n<td>Dra\u017ei\u010d, \u0160i\u0161ko<\/td>\n<\/tr>\n<tr>\n<td>Hura, po\u010ditnice!<\/td>\n<td>24. 6. 2025<\/td>\n<td>Dra\u017ei\u010d, \u0160i\u0161ko<\/td>\n<\/tr>\n<tr>\n<td colspan=\"3\"><b>Naravoslovni dnevi<\/b><\/td>\n<\/tr>\n<tr>\n<td>Ekologija<\/td>\n<td>marec 2026<\/td>\n<td>Dra\u017ei\u010d, \u0160i\u0161ko<\/td>\n<\/tr>\n<tr>\n<td>Skrb za zdravje &#8211; ZDAJ<\/td>\n<td>3. 12. 2025<br \/>\n4. 12. 2025<\/td>\n<td>Dra\u017ei\u010d, \u0160i\u0161ko, ZD Izola<\/td>\n<\/tr>\n<tr>\n<td>Ogled Pirana in muzeja \u0161koljk<\/td>\n<td>oktober 2025 \/maj 2026<\/td>\n<td>Dra\u017ei\u010d, \u0160i\u0161ko<\/td>\n<\/tr>\n<tr>\n<td colspan=\"3\"><b>Tehni\u0161ki dnevi<\/b><\/td>\n<\/tr>\n<tr>\n<td>Dan \u0161ole<\/td>\n<td>23. 10. 2025<\/td>\n<td>Dra\u017ei\u010d, \u0160i\u0161ko<\/td>\n<\/tr>\n<tr>\n<td>Prazni\u010dni december<\/td>\n<td>december 2025<\/td>\n<td>Dra\u017ei\u010d, \u0160i\u0161ko<\/td>\n<\/tr>\n<tr>\n<td>Glasbeno izro\u010dilo Istre<\/td>\n<td>marec 2026<\/td>\n<td>Dra\u017ei\u010d, \u0160i\u0161ko<\/td>\n<\/tr>\n<tr>\n<td colspan=\"3\"><b>\u0160portni dnevi<\/b><\/td>\n<\/tr>\n<tr>\n<td>Jesenski kros<\/td>\n<td>september 2025<\/td>\n<td>Dra\u017ei\u010d, \u0160i\u0161ko<\/td>\n<\/tr>\n<tr>\n<td>Plavanje<\/td>\n<td>september &#8211; oktober 2025<\/td>\n<td>Dra\u017ei\u010d, \u0160i\u0161ko, Jane\u017ei\u010d<\/td>\n<\/tr>\n<tr>\n<td>Potep po Izoli<\/td>\n<td>februar 2026<\/td>\n<td>Dra\u017ei\u010d, \u0160i\u0161ko<\/td>\n<\/tr>\n<tr>\n<td>Pohod (Rodik)<\/td>\n<td>marec 2026<\/td>\n<td>Dra\u017ei\u010d, \u0160i\u0161ko<\/td>\n<\/tr>\n<tr>\n<td>Igre brez meja<\/td>\n<td>junij 2026<\/td>\n<td>Dra\u017ei\u010d, \u0160i\u0161ko<\/td>\n<\/tr>\n<\/tbody>\n<\/table>\n<p>[\/vc_column_text][\/vc_tta_section][vc_tta_section title=&#8221;4. razred&#8221; tab_id=&#8221;1540907707826-3defb7ef-b233&#8243;][vc_column_text]&nbsp;<\/p>\n<table id=\"table1\">\n<tbody>\n<tr>\n<th width=\"33%\">Kaj &#8211; Kam<\/th>\n<th width=\"33%\">Mesec<\/th>\n<th width=\"34%\">Nosilci\/Izvajalci<\/th>\n<\/tr>\n<tr>\n<td colspan=\"3\"><b>Kulturni dnevi<\/b><\/td>\n<\/tr>\n<tr>\n<td>Pre\u0161erni dan- gled. predstava<\/td>\n<td>februar 2026<\/td>\n<td>Grabar, \u017dupani\u0107<\/td>\n<\/tr>\n<tr>\n<td>Na\u0161i kraji v preteklosti &#8211; <span style=\"font-family: inherit; font-size: inherit;\">Pomorski muzej, Mediadom<\/span><\/td>\n<td>maj 2026<\/td>\n<td>Grabar, \u017dupani\u0107<\/td>\n<\/tr>\n<tr>\n<td>\u017divljenje ob morju &nbsp;<\/td>\n<td>junij 2026<\/td>\n<td>Grabar, \u017dupani\u0107<\/td>\n<\/tr>\n<tr>\n<td colspan=\"3\"><b>Naravoslovni dnevi<\/b><\/td>\n<\/tr>\n<tr>\n<td>Skrb za zdravje in dlesni &#8211; ZDAJ<\/td>\n<td>4. 3. 2026<br \/>\n5. 3. 2026<\/td>\n<td>ZD Izola, Grabar, \u017dupani\u0107<\/td>\n<\/tr>\n<tr>\n<td>ZOO Ljubljana<\/td>\n<td>april 2026<\/td>\n<td>Grabar, \u017dupani\u0107<\/td>\n<\/tr>\n<tr>\n<td>Rastline in \u017eivalstvo ob reki<\/td>\n<td>november 2026 (\u0160VN)<\/td>\n<td>C\u0160OD, Grabar, \u017dupani\u0107<\/td>\n<\/tr>\n<tr>\n<td colspan=\"3\"><b>Tehni\u0161ki dnevi<\/b><\/td>\n<\/tr>\n<tr>\n<td>Dan \u0161ole<\/td>\n<td>oktober 2025<\/td>\n<td>Grabar, \u017dupani\u0107<\/td>\n<\/tr>\n<tr>\n<td>Oblikovanje materialov<\/td>\n<td>november 2025<\/td>\n<td>Grabar, \u017dupani\u0107<\/td>\n<\/tr>\n<tr>\n<td>Ra\u010dunalni\u0161ko opismenjevanje<\/td>\n<td>januar 2026<\/td>\n<td>Grabar, \u017dupani\u0107, ra\u010dunalni\u010dar<\/td>\n<\/tr>\n<tr>\n<td>Lego robotika<\/td>\n<td>marec 2026<\/td>\n<td>Mali ustvarjalci, Grabar, \u017dupani\u0107<\/td>\n<\/tr>\n<tr>\n<td colspan=\"3\"><b>\u0160portni dnevi<\/b><\/td>\n<\/tr>\n<tr>\n<td>Kros \/ pohod<\/td>\n<td>september 2025<\/td>\n<td>\u0161portni pedagog, Grabar, \u017dupani\u0107<\/td>\n<\/tr>\n<tr>\n<td>Pre\u017eivetje v naravi<\/td>\n<td>november 2026 (\u0160VN)<\/td>\n<td>C\u0160OD, Grabar, \u017dupani\u0107<\/td>\n<\/tr>\n<tr>\n<td>Igre na snegu<\/td>\n<td>januar 2026<\/td>\n<td>\u0161portni pedagog, Grabar, \u017dupani\u0107<\/td>\n<\/tr>\n<tr>\n<td>Vodni \u0161porti &#8211; jadranje<\/td>\n<td>junij 2026<\/td>\n<td>JK Olimpic, Grabar, \u017dupani\u0107<\/td>\n<\/tr>\n<tr>\n<td>Vodni \u0161porti &#8211; regata<\/td>\n<td>junij 2026<\/td>\n<td>JK Olimpic, Grabar, \u017dupani\u0107<\/td>\n<\/tr>\n<\/tbody>\n<\/table>\n<p><strong>Opomba:<\/strong><\/p>\n<p>* \u0160VN &#8211; Naravoslovni teden, C\u0160OD Fara (3 dnevi dejavnosti, 2 dni pouk),&nbsp; 4. a, b od &nbsp;24.11. \u2013 28.11. 2025<\/p>\n<p>* Te\u010daja jadranja v JK Olimpic Izola (3 dnevi dejavnosti, 2 dni pouk),<\/p>\n<ol start=\"4\">\n<li>a: 10. 6. \u2013 16. 6. 2026&nbsp; &nbsp;&nbsp;&nbsp;&nbsp;&nbsp;&nbsp;&nbsp;&nbsp;&nbsp;&nbsp;&nbsp;4. b: 3. 6. \u2013 9. 6. 2026<\/li>\n<\/ol>\n<p>[\/vc_column_text][\/vc_tta_section][vc_tta_section title=&#8221;5. razred&#8221; tab_id=&#8221;1540907991107-29de0910-c93c&#8221;][vc_column_text]<\/p>\n<table id=\"table1\">\n<tbody>\n<tr>\n<th width=\"33%\">Kaj &#8211; Kam<\/th>\n<th width=\"33%\">Mesec<\/th>\n<th width=\"34%\">Nosilci\/Izvajalci<\/th>\n<\/tr>\n<tr>\n<td colspan=\"3\"><b>Kulturni dnevi<\/b><\/td>\n<\/tr>\n<tr>\n<td>Velikani Istre (Kubed)<\/td>\n<td>april 2026<\/td>\n<td>\u017digante, Panger Viler<\/td>\n<\/tr>\n<tr>\n<td>Z delom do uspeha<\/td>\n<td>24. 6. 2026<\/td>\n<td>\u017digante, Panger Viler<\/td>\n<\/tr>\n<tr>\n<td>Pojdimo v gledali\u0161\u010de<\/td>\n<td>4. 3. 2026<\/td>\n<td>\u017digante, Panger Viler<\/td>\n<\/tr>\n<tr>\n<td colspan=\"3\"><b>Naravoslovni dnevi<\/b><\/td>\n<\/tr>\n<tr>\n<td>Skrb za zdravje &#8211; ZDAJ<\/td>\n<td>17. 12. 2025 in 18. 12. 2025<\/td>\n<td>\u017digante, Panger Viler, ZD Izola<\/td>\n<\/tr>\n<tr>\n<td>Zdravo jem, zdravo \u017eivim<\/td>\n<td>14. 11. 2025<\/td>\n<td>\u017digante, Panger Viler, ZD Izola<\/td>\n<\/tr>\n<tr>\n<td>Grajska pustolov\u0161\u010dina v dinarsko-kra\u0161kem svetu<\/td>\n<td>22. 6. 2026<\/td>\n<td>\u017digante, Panger Viler<\/td>\n<\/tr>\n<tr>\n<td colspan=\"3\"><b>Tehni\u0161ki dnevi<\/b><\/td>\n<\/tr>\n<tr>\n<td>Dan \u0161ole<\/td>\n<td>23. 11. 2025<\/td>\n<td>\u017digante, Panger Viler<\/td>\n<\/tr>\n<tr>\n<td>Soline<\/td>\n<td>april 2026<\/td>\n<td>\u017digante, Panger Viler<\/td>\n<\/tr>\n<tr>\n<td>Ra\u010dunalni\u0161ko opismenjevanje<\/td>\n<td>januar 2026<\/td>\n<td>\u017digante, Panger Viler, ra\u010dunalni\u010dar<\/td>\n<\/tr>\n<tr>\n<td>Od niti do obla\u010dila<\/td>\n<td>april 2026<\/td>\n<td>\u017digante, Panger Viler<\/td>\n<\/tr>\n<tr>\n<td colspan=\"3\"><b>\u0160portni dnevi<\/b><\/td>\n<\/tr>\n<tr>\n<td>Kros<\/td>\n<td>september 2025<\/td>\n<td>\u017digante, Panger Viler, \u0161portni pedagog<\/td>\n<\/tr>\n<tr>\n<td>Pohod po izolskih gri\u010dih<\/td>\n<td>oktober 2026<\/td>\n<td>\u017digante, Panger Viler<\/td>\n<\/tr>\n<tr>\n<td>Kolesarjenje in medrazredno tekmovanje<\/td>\n<td>maj 2026<\/td>\n<td>\u017digante, Panger Viler, Bo\u017eeglav<\/td>\n<\/tr>\n<tr>\n<td>Plavanje<\/td>\n<td>junij 2026<\/td>\n<td>\u017digante, Panger Viler, \u0161portni pedagog<\/td>\n<\/tr>\n<tr>\n<td>Pohod in \u0161portne igre<\/td>\n<td>marec 2026<\/td>\n<td>\u017digante, Panger, Viler, \u0160krbina<\/td>\n<\/tr>\n<\/tbody>\n<\/table>\n<p>Opomba:<br \/>\n* V juniju ima vsak oddelek 3 dni organiziranega te\u010daja veslanja \u017dIVIMO Z MORJEM<\/p>\n<p>5. a: 3. 6. \u2013 5. 6. 2026<\/p>\n<p>5. b: 8. 6. \u201310. 6. 2026[\/vc_column_text][\/vc_tta_section][vc_tta_section title=&#8221;6. razred&#8221; tab_id=&#8221;1540908077271-fa92f034-463d&#8221;][vc_column_text]<\/p>\n<table id=\"table1\">\n<tbody>\n<tr>\n<th width=\"33%\">Kaj &#8211; Kam<\/th>\n<th width=\"33%\">Mesec<\/th>\n<th width=\"34%\">Nosilci\/Izvajalci<\/th>\n<\/tr>\n<tr>\n<td colspan=\"3\"><b>Kulturni dnevi<\/b><\/td>\n<\/tr>\n<tr>\n<td>Mesto Ljubljana \u2013 slovenska prestolnica (C\u0160OD)<\/td>\n<td>6. 2. 2026<\/td>\n<td>Kozlovi\u010d, Murovec<\/td>\n<\/tr>\n<tr>\n<td>Gledali\u0161\u010de<\/td>\n<td>24. 10. 2026<\/td>\n<td>Kozlovi\u010d<\/td>\n<\/tr>\n<tr>\n<td>&nbsp;<\/td>\n<td>&nbsp;<\/td>\n<td>&nbsp;<\/td>\n<\/tr>\n<tr>\n<td colspan=\"3\"><b>Naravoslovni dnevi<\/b><\/td>\n<\/tr>\n<tr>\n<td>Arboretum Vol\u010dji potok<\/td>\n<td>19. 9. 2025<\/td>\n<td>\u017duni\u0107 Negro<\/td>\n<\/tr>\n<tr>\n<td>Skrb za zdravje &#8211; ZDAJ<\/td>\n<td>2. 10. 2025<br \/>\n6. 10. 2025<\/td>\n<td>ZD Izola<\/td>\n<\/tr>\n<tr>\n<td>Dinarski svet, Kri\u017ena jama<\/td>\n<td>april 2026<\/td>\n<td>Gabrijel<\/td>\n<\/tr>\n<tr>\n<td colspan=\"3\"><b>Tehni\u0161ki dnevi<\/b><\/td>\n<\/tr>\n<tr>\n<td>Arhitekturna delavnica (les)<\/td>\n<td>4. 10. 2025<\/td>\n<td>Laci\u0107<\/td>\n<\/tr>\n<tr>\n<td>Dan \u0161ole<\/td>\n<td>23. 10. 2025<\/td>\n<td>celoten kolektiv<\/td>\n<\/tr>\n<tr>\n<td>Dan norih copat<\/td>\n<td>april 2026<\/td>\n<td>Laci\u0107, \u017duni\u0107 Negro<\/td>\n<\/tr>\n<tr>\n<td>Luka Koper (C\u0160OD)<\/td>\n<td>27. 1. 2026<\/td>\n<td>Laci\u0107<\/td>\n<\/tr>\n<tr>\n<td colspan=\"3\"><b>\u0160portni dnevi<\/b><\/td>\n<\/tr>\n<tr>\n<td>Atletika<\/td>\n<td>april \/ maj 2026<\/td>\n<td>Jug<\/td>\n<\/tr>\n<tr>\n<td>Kros<\/td>\n<td>september \/ oktober 2025<\/td>\n<td>Bo\u017eeglav, Jug<\/td>\n<\/tr>\n<tr>\n<td>Preverjanje plavanja<\/td>\n<td>marec 2026<\/td>\n<td>Bo\u017eeglav<\/td>\n<\/tr>\n<tr>\n<td>Zimske radosti<\/td>\n<td>23. &#8211; 27. 2. 2026<\/td>\n<td>razredniki<\/td>\n<\/tr>\n<tr>\n<td>Kolesarski poligon + strelski klub<\/td>\n<td>november 2025<\/td>\n<td>Bo\u017eeglav<\/td>\n<\/tr>\n<\/tbody>\n<\/table>\n<p>[\/vc_column_text][\/vc_tta_section][vc_tta_section title=&#8221;7. razred&#8221; tab_id=&#8221;1540908386749-66442ec0-4148&#8243;][vc_column_text]<\/p>\n<table id=\"table1\">\n<tbody>\n<tr>\n<th width=\"33%\">Kaj &#8211; Kam<\/th>\n<th width=\"33%\">Mesec<\/th>\n<th width=\"34%\">Nosilci\/Izvajalci<\/th>\n<\/tr>\n<tr>\n<td colspan=\"3\"><b>Kulturni dnevi<\/b><\/td>\n<\/tr>\n<tr>\n<td>Gledali\u0161\u010de<\/td>\n<td>22. 4. 2026<\/td>\n<td>Kozlovi\u010d<\/td>\n<\/tr>\n<tr>\n<td>Istrska glasba<\/td>\n<td>marec 2026<\/td>\n<td>Krajic Tomin<\/td>\n<\/tr>\n<tr>\n<td>Mitski park Rodik<\/td>\n<td>25. 2. 2026<\/td>\n<td>Bubni\u010d<\/td>\n<\/tr>\n<tr>\n<td colspan=\"3\"><b>Naravoslovni dnevi<\/b><\/td>\n<\/tr>\n<tr>\n<td>Alpski svet<\/td>\n<td>maj 2026<\/td>\n<td>Krivi\u010di\u010d<\/td>\n<\/tr>\n<tr>\n<td>Krajinski park Strunjan<\/td>\n<td>3. 6. 2026 (7. a) in 5. 6. 2026 (7. b)<\/td>\n<td>\u0160kof, C\u0160OD<\/td>\n<\/tr>\n<tr>\n<td>Skrb za zdravje &#8211; ZDAJ: Spo\u0161tovanje sebe in drugih<\/td>\n<td>26. 11. 2025 (7. a) in 27. 11. 2025 (7. b)<\/td>\n<td>ZD Izola, \u0160kof<\/td>\n<\/tr>\n<tr>\n<td colspan=\"3\"><b>Tehni\u0161ki dnevi<\/b><\/td>\n<\/tr>\n<tr>\n<td>Dan \u0161ole<\/td>\n<td>23. 10. 2025<\/td>\n<td>celoten kolektiv<\/td>\n<\/tr>\n<tr>\n<td>No\u010d raziskovalcev<\/td>\n<td>26. 9. 2025<\/td>\n<td>Laci\u0107<\/td>\n<\/tr>\n<tr>\n<td>Igriva arhitektura<\/td>\n<td>12. 11. 2025<\/td>\n<td>Laci\u0107<\/td>\n<\/tr>\n<tr>\n<td>\u0160kocjanski zatok in Centralna \u010distilna naprava<\/td>\n<td>marec 2026<\/td>\n<td>Laci\u0107, \u017duni\u0107 Negro<\/td>\n<\/tr>\n<tr>\n<td colspan=\"3\"><b>\u0160portni dnevi<\/b><\/td>\n<\/tr>\n<tr>\n<td>Kros<\/td>\n<td>september \/ oktober 2025<\/td>\n<td>Bo\u017eeglav, Jug<\/td>\n<\/tr>\n<tr>\n<td>Atletika<\/td>\n<td>april \/ maj 2026<\/td>\n<td>Jug<\/td>\n<\/tr>\n<tr>\n<td>Kolesarski poligon + balinanje<\/td>\n<td>november 2025<\/td>\n<td>Bo\u017eeglav<\/td>\n<\/tr>\n<tr>\n<td>\u017doga je najbolj\u0161a droga<\/td>\n<td>junij 2026<\/td>\n<td>Bo\u017eeglav<\/td>\n<\/tr>\n<tr>\n<td>Pohod (Slavnik)<\/td>\n<td>oktober 2025<\/td>\n<td>Bo\u017eeglav<\/td>\n<\/tr>\n<\/tbody>\n<\/table>\n<p>&nbsp;[\/vc_column_text][\/vc_tta_section][vc_tta_section title=&#8221;8. razred&#8221; tab_id=&#8221;1540908530974-0cc54eb2-d62a&#8221;][vc_column_text]<\/p>\n<table id=\"table1\">\n<tbody>\n<tr>\n<th width=\"33%\">Kaj &#8211; Kam<\/th>\n<th width=\"33%\">Mesec<\/th>\n<th width=\"34%\">Nosilci\/Izvajalci<\/th>\n<\/tr>\n<tr>\n<td colspan=\"3\"><b>Kulturni dnevi<\/b><\/td>\n<\/tr>\n<tr>\n<td>Ekskurzija v Trst (C\u0160OD)<\/td>\n<td>5. 2. 2026<\/td>\n<td>Krivi\u010di\u010d, C\u0160OD<\/td>\n<\/tr>\n<tr>\n<td>Glasbena predstava Cankarjev dom<\/td>\n<td>februar 2026<\/td>\n<td>Krajic Tomin<\/td>\n<\/tr>\n<tr>\n<td>Gledali\u0161\u010de<\/td>\n<td>februar 2026<\/td>\n<td>Cajzar<\/td>\n<\/tr>\n<tr>\n<td colspan=\"3\"><b>Naravoslovni dnevi<\/b><\/td>\n<\/tr>\n<tr>\n<td>Obpanonski svet (Ptuj)<\/td>\n<td>10. 10. 2024<\/td>\n<td>Krivi\u010di\u010d<\/td>\n<\/tr>\n<tr>\n<td>Kemija je svet snovi<\/td>\n<td>5. 2. 2026 (8. a)<br \/>\n26. 2. 2026 (8. b)<\/td>\n<td>\u0160kof<\/td>\n<\/tr>\n<tr>\n<td>Skrb za zdravje \u2013 ZDAJ I.TPO (ob sistematskem pregledu)<\/p>\n<p>Skrb za zdravje \u2013 ZDAJ II. (ob zobozdravstvenem pregledu)<\/td>\n<td>19. 11. 2025 (8. a)<br \/>\n21. 11. 2025 (8. b)<br \/>\n10. 12. 2025 (8. a)<br \/>\n11. 12. 2025 (8. b)<\/td>\n<td>ZD Izola, \u0160kof<\/td>\n<\/tr>\n<tr>\n<td colspan=\"3\"><b>Tehni\u0161ki dnevi<\/b><\/td>\n<\/tr>\n<tr>\n<td>Dan \u0161ole<\/td>\n<td>23. 10. 2025<\/td>\n<td>celoten kolektiv<\/td>\n<\/tr>\n<tr>\n<td>Srednja elektro in pomorska \u0161ola<\/td>\n<td>3. 2. 2026<\/td>\n<td>Slavec Maljevac<\/td>\n<\/tr>\n<tr>\n<td>Robotika in umetna inteligenca<\/td>\n<td>6. 3. 2026<\/td>\n<td>Slavec Maljevac<\/td>\n<\/tr>\n<tr>\n<td>Kako deluje sila gravitacije (Logatec)<\/td>\n<td>19. 6. 2026<\/td>\n<td>Krbav\u010di\u010d Bre\u010devi\u0107, \u0160kof<\/td>\n<\/tr>\n<tr>\n<td colspan=\"3\"><b>\u0160portni dnevi<\/b><\/td>\n<\/tr>\n<tr>\n<td>Kros<\/td>\n<td>september \/ oktober 2025<\/td>\n<td>Bo\u017eeglav, Jug<\/td>\n<\/tr>\n<tr>\n<td>Pohod Slivnica<\/td>\n<td>september 2025<\/td>\n<td>Jug<\/td>\n<\/tr>\n<tr>\n<td>\u017doga je najbolj\u0161a droga<\/td>\n<td>junij 2026<\/td>\n<td>Bo\u017eeglav, Jug<\/td>\n<\/tr>\n<tr>\n<td>Kolesarski poligon + kegljanje<\/td>\n<td>november 2025<\/td>\n<td>Bo\u017eeglav<\/td>\n<\/tr>\n<tr>\n<td>Atletika<\/td>\n<td>april \/ maj 2026<\/td>\n<td>Jug<\/td>\n<\/tr>\n<\/tbody>\n<\/table>\n<p>[\/vc_column_text][\/vc_tta_section][vc_tta_section title=&#8221;9. razred&#8221; tab_id=&#8221;1540908738890-efcb4eb7-ab90&#8243;][vc_column_text]<\/p>\n<table id=\"table1\">\n<tbody>\n<tr>\n<th width=\"33%\">Kaj &#8211; Kam<\/th>\n<th width=\"33%\">Mesec<\/th>\n<th width=\"34%\">Nosilci\/Izvajalci<\/th>\n<\/tr>\n<tr>\n<td colspan=\"3\"><b>Kulturni dnevi<\/b><\/td>\n<\/tr>\n<tr>\n<td>Glasbena predstava Cankarjev dom<\/td>\n<td>februar 2026<\/td>\n<td>Krajic Tomin<\/td>\n<\/tr>\n<tr>\n<td>Za\u010detki slovenske knji\u017eevnosti na Dolenjskem (C\u0160OD)<\/td>\n<td>4. 11. 2025<\/td>\n<td>Kro\u0161elj, Murovec<\/td>\n<\/tr>\n<tr>\n<td>Gledali\u0161\u010de<\/td>\n<td>februar 2026<\/td>\n<td>Kro\u0161elj, Murovec<\/td>\n<\/tr>\n<tr>\n<td colspan=\"3\"><b>Naravoslovni dnevi<\/b><\/td>\n<\/tr>\n<tr>\n<td>Predalpski svet (Kobarid, Tolmin)<\/td>\n<td>14. 10. 2025<\/td>\n<td>Krivi\u010di\u010d<\/td>\n<\/tr>\n<tr>\n<td>Jama Dimnice<\/td>\n<td>10. 12. 2025 (9. a) in 12. 12. 2025 (9. b)<\/td>\n<td>\u0160kof, C\u0160OD<\/td>\n<\/tr>\n<tr>\n<td>Skrb za zdravje \u2013 ZDAJ: U\u010denje branja deklaracije in pasti sodobne prehrane<\/td>\n<td>19. 11. 2025 (9. a) in 20. 11. 2025 (9. b)<\/td>\n<td>\u0160kof, ZD Izola<\/td>\n<\/tr>\n<tr>\n<td colspan=\"3\"><b>Tehni\u0161ki dnevi<\/b><\/td>\n<\/tr>\n<tr>\n<td>Dan \u0161ole<\/td>\n<td>23. 10. 2025<\/td>\n<td>celoten kolektiv<\/td>\n<\/tr>\n<tr>\n<td>Forma Viva<\/td>\n<td>26. 9. 2025<\/td>\n<td>Knez<\/td>\n<\/tr>\n<tr>\n<td>Karierni dan<\/td>\n<td>24. 10. 2025<\/td>\n<td>Sever<\/td>\n<\/tr>\n<tr>\n<td>Valeta \u2013 scenografija<\/td>\n<td>junij 2026<\/td>\n<td>razredniki, nadomestni razredniki,<br \/>\nu\u010ditelj LUM, u\u010ditelj TIT<\/td>\n<\/tr>\n<tr>\n<td colspan=\"3\"><b>\u0160portni dnevi<\/b><\/td>\n<\/tr>\n<tr>\n<td>Kros<\/td>\n<td>september \/ oktober 2025<\/td>\n<td>Bo\u017eeglav, Jug<\/td>\n<\/tr>\n<tr>\n<td>Zimske radosti<\/td>\n<td>22. &#8211; 24. 12. 2025<\/td>\n<td>C\u0160OD, Bubni\u010d<\/td>\n<\/tr>\n<tr>\n<td>Adrenalinski park<\/td>\n<td>maj \/ junij 2026<\/td>\n<td>Jug<\/td>\n<\/tr>\n<tr>\n<td>Ples<\/td>\n<td>december 2025 \/ junij 2026<\/td>\n<td>Jug<\/td>\n<\/tr>\n<tr>\n<td>Atletika<\/td>\n<td>april \/ maj 2026<\/td>\n<td>Jug<\/td>\n<\/tr>\n<\/tbody>\n<\/table>\n<p>&nbsp;[\/vc_column_text][\/vc_tta_section][\/vc_tta_tabs][\/vc_column][\/vc_row]<\/p>\n","protected":false},"excerpt":{"rendered":"<p>[vc_row][vc_column][vc_column_text]Opredelitev ciljev organiziranih dni Dnevi dejavnosti so tisti del obveznega programa osnovne \u0161ole, ki se medpredmetno povezujejo in se vklju\u010dujejo&nbsp;<a href=\"https:\/\/www.oslivade.si\/?page_id=1404\">&hellip;<\/a><\/p>\n","protected":false},"author":1,"featured_media":0,"parent":0,"menu_order":0,"comment_status":"closed","ping_status":"closed","template":"","meta":{"ngg_post_thumbnail":0,"footnotes":""},"class_list":["post-1404","page","type-page","status-publish","hentry","odd"],"_links":{"self":[{"href":"https:\/\/www.oslivade.si\/index.php?rest_route=\/wp\/v2\/pages\/1404"}],"collection":[{"href":"https:\/\/www.oslivade.si\/index.php?rest_route=\/wp\/v2\/pages"}],"about":[{"href":"https:\/\/www.oslivade.si\/index.php?rest_route=\/wp\/v2\/types\/page"}],"author":[{"embeddable":true,"href":"https:\/\/www.oslivade.si\/index.php?rest_route=\/wp\/v2\/users\/1"}],"replies":[{"embeddable":true,"href":"https:\/\/www.oslivade.si\/index.php?rest_route=%2Fwp%2Fv2%2Fcomments&post=1404"}],"version-history":[{"count":72,"href":"https:\/\/www.oslivade.si\/index.php?rest_route=\/wp\/v2\/pages\/1404\/revisions"}],"predecessor-version":[{"id":17897,"href":"https:\/\/www.oslivade.si\/index.php?rest_route=\/wp\/v2\/pages\/1404\/revisions\/17897"}],"wp:attachment":[{"href":"https:\/\/www.oslivade.si\/index.php?rest_route=%2Fwp%2Fv2%2Fmedia&parent=1404"}],"curies":[{"name":"wp","href":"https:\/\/api.w.org\/{rel}","templated":true}]}}