{"id":78,"date":"2018-10-16T12:17:32","date_gmt":"2018-10-16T12:17:32","guid":{"rendered":"http:\/\/91.220.156.17\/?page_id=78"},"modified":"2026-04-13T07:41:47","modified_gmt":"2026-04-13T06:41:47","slug":"svet-starsev","status":"publish","type":"page","link":"https:\/\/www.oslivade.si\/?page_id=78","title":{"rendered":"SVET STAR\u0160EV"},"content":{"rendered":"<p>[vc_row][vc_column][vc_column_text]<\/p>\n<table id=\"table1\">\n<tbody>\n<tr>\n<th width=\"50%\">Razred<\/th>\n<th width=\"50%\">Predstavnik razreda<\/th>\n<\/tr>\n<tr>\n<td>1.A<\/td>\n<td>Alja Mihali\u010d<\/td>\n<\/tr>\n<tr>\n<td>1.B<\/td>\n<td>Simona \u0160are<\/td>\n<\/tr>\n<tr>\n<td>2.A<\/td>\n<td>Nastja Gregori\u010d<\/td>\n<\/tr>\n<tr>\n<td>2.B<\/td>\n<td>Kim Pjevovi\u010d<\/td>\n<\/tr>\n<tr>\n<td>3.A<\/td>\n<td>\u017danin Gruden<\/td>\n<\/tr>\n<tr>\n<td>3.B<\/td>\n<td>Matej Babi\u010d<\/td>\n<\/tr>\n<tr>\n<td>4.A<\/td>\n<td>Nola Zadkovi\u010d Lukin<\/td>\n<\/tr>\n<tr>\n<td>4.B<\/td>\n<td>Ajda Purger<\/td>\n<\/tr>\n<tr>\n<td>5.A<\/td>\n<td>Aljo\u0161a \u0160u\u0161ter\u0161i\u010d<\/td>\n<\/tr>\n<tr>\n<td>5.B<\/td>\n<td>Katja Jerman<\/td>\n<\/tr>\n<tr>\n<td>6.A<\/td>\n<td>Mojca \u010cavni\u010dar<\/td>\n<\/tr>\n<tr>\n<td>6.B<\/td>\n<td>Marjeta Pevnik<\/td>\n<\/tr>\n<tr>\n<td>7.A<\/td>\n<td>Nevena Veselinovi\u0107<\/td>\n<\/tr>\n<tr>\n<td>7.B<\/td>\n<td>Borut Bauer<\/td>\n<\/tr>\n<tr>\n<td>8.A<\/td>\n<td>Tina Andreja\u0161i\u010d<\/td>\n<\/tr>\n<tr>\n<td>8.B<\/td>\n<td>Tatjana Filiput<\/td>\n<\/tr>\n<tr>\n<td>9.A<\/td>\n<td>Zoran Babi\u010d<\/td>\n<\/tr>\n<tr>\n<td>9.B<\/td>\n<td>Vjekoslav Pintari\u0107<\/td>\n<\/tr>\n<\/tbody>\n<\/table>\n<p>[\/vc_column_text][vc_column_text]Svet star\u0161ev sestavlja 18 predstavnikov oddelkov. Predstavnike sveta izvolijo star\u0161i na roditeljskih sestankih oddelkov. Predstavniki star\u0161ev na seji sveta star\u0161ev izvolijo predsednika in njegovega namestnika.<\/p>\n<div><a href=\"https:\/\/www.oslivade.si\/wp-content\/uploads\/2021\/01\/POSLOVNIK-SS-oktober2019.pdf\" target=\"_blank\" rel=\"noopener noreferrer\">Poslovnik Sveta star\u0161ev<\/a><\/div>\n<p>[\/vc_column_text][\/vc_column][\/vc_row][vc_row][vc_column][vc_column_text]\u0160olsko leto 2025\/26<\/p>\n<ul>\n<li><a href=\"https:\/\/www.oslivade.si\/wp-content\/uploads\/2026\/04\/zapisnik-2.seje-SS-2025-26-s-prilogami.pdf\" target=\"_blank\" rel=\"noopener\">Zapisnik 2. seje sveta star\u0161ev, 1. 4. 2026<\/a><\/li>\n<li><a href=\"https:\/\/www.oslivade.si\/wp-content\/uploads\/2025\/11\/1.-zapisnik-SS-2025-26.pdf\">Zapisnik 1. seje sveta star\u0161ev, 29. 9. 2025<\/a><\/li>\n<\/ul>\n<p>\u0160olsko leto 2024\/25<\/p>\n<ul>\n<li><a href=\"https:\/\/www.oslivade.si\/wp-content\/uploads\/2025\/04\/zapisnik-2.seje-SS-2024-25.pdf\">Zapisnik 2. seje sveta star\u0161ev, 27.3.2025<\/a><\/li>\n<li><a href=\"https:\/\/www.oslivade.si\/wp-content\/uploads\/2025\/01\/zapisnik-1.-seje-SS-24-25.pdf\">Zapisnik 1. seje sveta star\u0161ev, 25.9.2024<\/a><\/li>\n<\/ul>\n<p>\u0160olsko leto 2023\/24<\/p>\n<ul>\n<li><a href=\"https:\/\/www.oslivade.si\/wp-content\/uploads\/2024\/06\/zapisnik-3.seje-SS.pdf\">Zapisnik 3. seje sveta star\u0161ev, 22.5.2024<\/a><\/li>\n<li><a href=\"https:\/\/www.oslivade.si\/wp-content\/uploads\/2024\/04\/zapisnik-2.sejeSS-2324-podpisan.pdf\">Zapisnik 2. seje sveta star\u0161ev; 27.2.2024<\/a><\/li>\n<li><a href=\"https:\/\/www.oslivade.si\/wp-content\/uploads\/2024\/04\/zapisnik-1.sejeSS-2324-podpisan.pdf\">Zapisnik 1. seje sveta star\u0161ev; 26.9.2023<\/a><\/li>\n<\/ul>\n<p>\u0160olsko leto 2022\/23<\/p>\n<ul>\n<li><a href=\"https:\/\/www.oslivade.si\/wp-content\/uploads\/2023\/05\/zapisnik-3.sejeSS-2223podpisan.pdf\">Zapisnik 3. seje sveta star\u0161ev: 15.5.2023<\/a><\/li>\n<li><a href=\"https:\/\/www.oslivade.si\/wp-content\/uploads\/2023\/04\/zapisnik-2.sejeSS-2223.pdf\" target=\"_blank\" rel=\"noopener\">Zapisnik 2. seje sveta star\u0161ev; 15.3.2023<\/a><\/li>\n<li><a href=\"https:\/\/www.oslivade.si\/wp-content\/uploads\/2022\/10\/zapisnik-1.sejeSS-2223.pdf\" target=\"_blank\" rel=\"noopener\">Zapisnik 1. seje sveta star\u0161ev; 22.9.2022<\/a><\/li>\n<\/ul>\n<p>\u0160olsko leto 2021\/22<\/p>\n<ul>\n<li><a href=\"https:\/\/www.oslivade.si\/wp-content\/uploads\/2022\/09\/zapisnik-3.sejeSS-2122-dopolnjen.pdf\">Zapisnik 3. seje sveta star\u0161ev; 18. 5. 2022<\/a><\/li>\n<li><a href=\"https:\/\/www.oslivade.si\/wp-content\/uploads\/2022\/05\/zapisnik-2.sejeSS-2122.pdf\">Zapisnik 2. seje sveta star\u0161ev; 21. 3. 2022<\/a><\/li>\n<li><a href=\"https:\/\/www.oslivade.si\/wp-content\/uploads\/2021\/10\/zapisnik-1.sejeSS-2122.pdf\" target=\"_blank\" rel=\"noopener\">Zapisnik 1. seje sveta star\u0161ev; 23. 9. 2021<\/a><\/li>\n<\/ul>\n<p>\u0160olsko leto 2020\/21<\/p>\n<ul>\n<li><a href=\"https:\/\/www.oslivade.si\/wp-content\/uploads\/2021\/10\/zapisnik-3.sejeSS-2021.pdf\" target=\"_blank\" rel=\"noopener\">Zapisnik 3. seje sveta star\u0161ev; 27. 5. 2021<\/a><\/li>\n<li><a href=\"https:\/\/www.oslivade.si\/wp-content\/uploads\/2021\/10\/zapisnik-2.sejeSS-2021.pdf\" target=\"_blank\" rel=\"noopener\">Zapisnik 2. seje sveta star\u0161ev; 4. 2. 2021<\/a><\/li>\n<li><a href=\"https:\/\/www.oslivade.si\/wp-content\/uploads\/2020\/10\/zapisnik-1.sejeSS-2021.pdf\" target=\"_blank\" rel=\"noopener noreferrer\">Zapisnik 1. seje sveta star\u0161ev; 24. 9. 2020<\/a><\/li>\n<\/ul>\n<p>\u0160olsko leto 2019\/20<\/p>\n<ul>\n<li><a href=\"https:\/\/www.oslivade.si\/wp-content\/uploads\/2020\/06\/zapisnik_2.sejeSS-1920.pdf\" target=\"_blank\" rel=\"noopener noreferrer\">Zapisnik 2. seje sveta star\u0161ev; 3. 6. 2020<\/a><\/li>\n<li><a href=\"https:\/\/www.oslivade.si\/wp-content\/uploads\/2019\/10\/zapisnik_1.sejeSS-1920.pdf\" target=\"_blank\" rel=\"noopener noreferrer\">Zapisnik 1. seje sveta star\u0161ev; 25. 9. 2019<\/a><\/li>\n<\/ul>\n<p>\u0160olsko leto 2018\/19<\/p>\n<ul>\n<li><a href=\"https:\/\/www.oslivade.si\/wp-content\/uploads\/2019\/06\/zapisnik-3.redne-seje-SS1819.pdf\" target=\"_blank\" rel=\"noopener noreferrer\">Zapisnik 3. seje sveta star\u0161ev: 4. 6. 2019<\/a><\/li>\n<li><a href=\"https:\/\/www.oslivade.si\/wp-content\/uploads\/2019\/03\/svet-starsev-2-seja-18-19.pdf\" target=\"_blank\" rel=\"noopener noreferrer\">Zapisnik 2. seje sveta star\u0161ev; 19. 3. 2019<\/a><\/li>\n<li><a href=\"https:\/\/www.oslivade.si\/wp-content\/uploads\/2018\/11\/zapisnik_1.seje_SS-1819.pdf\" target=\"_blank\" rel=\"noopener noreferrer\">Zapisnik 1. seje sveta star\u0161ev; 26. 9. 2018<\/a><\/li>\n<\/ul>\n<p>[\/vc_column_text][\/vc_column][\/vc_row][vc_row][vc_column][\/vc_column][\/vc_row]<\/p>\n","protected":false},"excerpt":{"rendered":"<p>[vc_row][vc_column][vc_column_text] Razred Predstavnik razreda 1.A Alja Mihali\u010d 1.B Simona \u0160are 2.A Nastja Gregori\u010d 2.B Kim Pjevovi\u010d 3.A \u017danin Gruden 3.B&nbsp;<a href=\"https:\/\/www.oslivade.si\/?page_id=78\">&hellip;<\/a><\/p>\n","protected":false},"author":1,"featured_media":0,"parent":64,"menu_order":0,"comment_status":"closed","ping_status":"closed","template":"","meta":{"ngg_post_thumbnail":0,"footnotes":""},"class_list":["post-78","page","type-page","status-publish","hentry","odd"],"_links":{"self":[{"href":"https:\/\/www.oslivade.si\/index.php?rest_route=\/wp\/v2\/pages\/78"}],"collection":[{"href":"https:\/\/www.oslivade.si\/index.php?rest_route=\/wp\/v2\/pages"}],"about":[{"href":"https:\/\/www.oslivade.si\/index.php?rest_route=\/wp\/v2\/types\/page"}],"author":[{"embeddable":true,"href":"https:\/\/www.oslivade.si\/index.php?rest_route=\/wp\/v2\/users\/1"}],"replies":[{"embeddable":true,"href":"https:\/\/www.oslivade.si\/index.php?rest_route=%2Fwp%2Fv2%2Fcomments&post=78"}],"version-history":[{"count":42,"href":"https:\/\/www.oslivade.si\/index.php?rest_route=\/wp\/v2\/pages\/78\/revisions"}],"predecessor-version":[{"id":18309,"href":"https:\/\/www.oslivade.si\/index.php?rest_route=\/wp\/v2\/pages\/78\/revisions\/18309"}],"up":[{"embeddable":true,"href":"https:\/\/www.oslivade.si\/index.php?rest_route=\/wp\/v2\/pages\/64"}],"wp:attachment":[{"href":"https:\/\/www.oslivade.si\/index.php?rest_route=%2Fwp%2Fv2%2Fmedia&parent=78"}],"curies":[{"name":"wp","href":"https:\/\/api.w.org\/{rel}","templated":true}]}}